{"id":1121,"date":"2020-05-07T20:09:39","date_gmt":"2020-05-07T18:09:39","guid":{"rendered":"https:\/\/zukunft-durch-erinnerung.de\/?page_id=1121"},"modified":"2020-05-16T14:55:11","modified_gmt":"2020-05-16T12:55:11","slug":"presse","status":"publish","type":"page","link":"https:\/\/zukunft-durch-erinnerung.de\/index.php\/presse\/","title":{"rendered":"Presse"},"content":{"rendered":"<p>&nbsp;<\/p>\n<p>&nbsp;<\/p>\n<p><span style=\"color: #0000ff;\"><strong><a style=\"color: #0000ff;\" href=\"https:\/\/www.moz.de\/artikel-ansicht\/dg\/0\/1\/1721887\/\">Schulprojekt<\/a><a style=\"color: #0000ff;\" href=\"https:\/\/www.moz.de\/artikel-ansicht\/dg\/0\/1\/1721887\/\"> &#8211; Erinnern an Zwangsarbeit<\/a>,\u00a0<\/strong><\/span><strong>MOZ<\/strong>, Frank-<span class=\"autor\">Olav Schr\u00f6der<\/span>, <span class=\"date\">10.04.2019<\/span><\/p>\n<p>&nbsp;<\/p>\n<p><strong><span style=\"color: #0000ff;\"><a style=\"color: #0000ff;\" href=\"https:\/\/www.moz.de\/landkreise\/barnim\/bernau\/artikel3\/dg\/0\/1\/1737677\/\">Stelen als Mahnung f\u00fcr die Zukunft<\/a>, <\/span>MOZ,<\/strong> Frank-Olav Schr\u00f6der, <span class=\"date\">29.06.2019<\/span><\/p>\n<p>&nbsp;<\/p>\n<p><span style=\"color: #0000ff;\"><strong><a style=\"color: #0000ff;\" href=\"https:\/\/zukunft-durch-erinnerung.de\/wp-content\/uploads\/2020\/05\/Doku_denkmal_2020_FINAL.pdf\">Gemeinsam gegen Ausgrenzung und Vergessen (PDF)<\/a><span style=\"color: #333333;\">,<\/span> <\/strong><\/span><strong>Dokumentation des Jugendforums denk!mal \u201920<\/strong> <strong>vom 22.-28.1.2020.<\/strong><\/p>\n<p>&nbsp;<\/p>\n<p><span style=\"font-size: 12pt;\"><span style=\"font-size: 12pt;\"><span style=\"font-size: 12pt;\"><span style=\"font-size: 12pt;\"><span style=\"font-size: 12pt;\"><span style=\"font-size: 12pt;\"><span style=\"font-size: 12pt;\"><span style=\"color: #0000ff;\"><strong><a style=\"color: #0000ff;\" href=\"https:\/\/www.biesenthal.de\/index.php?p=ak,20\/200507.htm\">Weg der W\u00fcrde<\/a>,\u00a0<\/strong><\/span><strong>NaturparkStadt Biesenthal<\/strong>, Aktuelles, Projekttr\u00e4ger wild frei gr\u00fcn e.V., 7.5.2020<\/span><\/span><\/span><\/span><\/span><\/span><\/span><\/p>\n<p>&nbsp;<\/p>\n<p><span style=\"color: #0000ff;\"><strong><a style=\"color: #0000ff;\" href=\"http:\/\/refugeeswelcomebarnim.blogsport.de\/2020\/05\/08\/8-mai-tag-der-befreiung-in-biesenthal\/\">8.Mai 2020 &#8211; Tag der Befreiung in Biesenthal<\/a>,<\/strong> <\/span><strong>Willkommensinitiative Biesenthal<\/strong>,\u00a08.5.2020<\/p>\n<p>&nbsp;<\/p>\n<p><strong><a href=\"https:\/\/www.unicef.de\/mitmachen\/ehrenamtlich-aktiv\/-\/arbeitsgruppe-berlin\/die-kinder-und-der-krieg---1945-und-heute\/216406\"><span style=\"color: #0000ff;\">Die Kinder und der Krieg &#8211; damals und heute<\/span><\/a>,<\/strong> <strong>UNICEF Berlin<\/strong>, News, Ann-Katrin Fahrenkamp, 8. 5. 2020.<\/p>\n<p>&nbsp;<\/p>\n<p><strong><a href=\"https:\/\/zukunft-durch-erinnerung.de\/wp-content\/uploads\/2020\/05\/MOZ-Artikel-12.5.2020.pdf\"><span style=\"color: #0000ff;\">Steinstele f\u00fcr den stillen Helden Adrianus Millenaar<\/span><\/a><span style=\"color: #0000ff;\">, <\/span>MOZ<\/strong>, Frank-Olav Schr\u00f6der, 12.5.2020.<\/p>\n","protected":false},"excerpt":{"rendered":"<p>&nbsp; &nbsp; Schulprojekt &#8211; Erinnern an Zwangsarbeit,\u00a0MOZ, Frank-Olav Schr\u00f6der, 10.04.2019 &nbsp; Stelen als Mahnung f\u00fcr die Zukunft, MOZ, Frank-Olav Schr\u00f6der, 29.06.2019 &nbsp; Gemeinsam gegen Ausgrenzung und Vergessen (PDF), Dokumentation des Jugendforums denk!mal \u201920 vom 22.-28.1.2020.[&#8230;]<\/p>\n","protected":false},"author":2,"featured_media":0,"parent":0,"menu_order":75,"comment_status":"closed","ping_status":"closed","template":"","meta":[],"_links":{"self":[{"href":"https:\/\/zukunft-durch-erinnerung.de\/index.php\/wp-json\/wp\/v2\/pages\/1121"}],"collection":[{"href":"https:\/\/zukunft-durch-erinnerung.de\/index.php\/wp-json\/wp\/v2\/pages"}],"about":[{"href":"https:\/\/zukunft-durch-erinnerung.de\/index.php\/wp-json\/wp\/v2\/types\/page"}],"author":[{"embeddable":true,"href":"https:\/\/zukunft-durch-erinnerung.de\/index.php\/wp-json\/wp\/v2\/users\/2"}],"replies":[{"embeddable":true,"href":"https:\/\/zukunft-durch-erinnerung.de\/index.php\/wp-json\/wp\/v2\/comments?post=1121"}],"version-history":[{"count":34,"href":"https:\/\/zukunft-durch-erinnerung.de\/index.php\/wp-json\/wp\/v2\/pages\/1121\/revisions"}],"predecessor-version":[{"id":1344,"href":"https:\/\/zukunft-durch-erinnerung.de\/index.php\/wp-json\/wp\/v2\/pages\/1121\/revisions\/1344"}],"wp:attachment":[{"href":"https:\/\/zukunft-durch-erinnerung.de\/index.php\/wp-json\/wp\/v2\/media?parent=1121"}],"curies":[{"name":"wp","href":"https:\/\/api.w.org\/{rel}","templated":true}]}}