{"id":205,"date":"2020-03-19T10:46:30","date_gmt":"2020-03-19T09:46:30","guid":{"rendered":"https:\/\/zukunft-durch-erinnerung.de\/?page_id=205"},"modified":"2024-05-07T14:48:43","modified_gmt":"2024-05-07T12:48:43","slug":"italienische-kreigsgefangene-im-lager-der-ss-hundestaffel","status":"publish","type":"page","link":"https:\/\/zukunft-durch-erinnerung.de\/index.php\/zukunft-durch-erinnerung\/italienische-kreigsgefangene-im-lager-der-ss-hundestaffel\/","title":{"rendered":"Steinstele 7: Sich bewusst f\u00fcr das Leben und die Mitmenschlichkeit entscheiden"},"content":{"rendered":"<p style=\"text-align: center;\"><img loading=\"lazy\" class=\"aligncenter wp-image-341 size-medium\" src=\"https:\/\/zukunft-durch-erinnerung.de\/wp-content\/uploads\/2020\/03\/DSCN1404-Kopie-e1592200730703-225x300.jpg\" alt=\"\" width=\"225\" height=\"300\" srcset=\"https:\/\/zukunft-durch-erinnerung.de\/wp-content\/uploads\/2020\/03\/DSCN1404-Kopie-e1592200730703-225x300.jpg 225w, https:\/\/zukunft-durch-erinnerung.de\/wp-content\/uploads\/2020\/03\/DSCN1404-Kopie-e1592200730703-370x493.jpg 370w, https:\/\/zukunft-durch-erinnerung.de\/wp-content\/uploads\/2020\/03\/DSCN1404-Kopie-e1592200730703.jpg 750w\" sizes=\"(max-width: 225px) 100vw, 225px\" \/><br \/>\n<span style=\"font-size: 14pt;\"><strong>gewidmet den sog. Italienischen Milit\u00e4rinternierten (IMI) im Lager der SS-Hundestaffel am Bahnhof Biesenthal<\/strong><\/span><\/p>\n<hr style=\"border-color: #ddd;\" \/>\n<p><img loading=\"lazy\" class=\"size-medium wp-image-328 alignleft\" src=\"https:\/\/zukunft-durch-erinnerung.de\/wp-content\/uploads\/2020\/03\/DSC_0155-300x200.jpg\" alt=\"\" width=\"300\" height=\"200\" srcset=\"https:\/\/zukunft-durch-erinnerung.de\/wp-content\/uploads\/2020\/03\/DSC_0155-300x200.jpg 300w, https:\/\/zukunft-durch-erinnerung.de\/wp-content\/uploads\/2020\/03\/DSC_0155-768x511.jpg 768w, https:\/\/zukunft-durch-erinnerung.de\/wp-content\/uploads\/2020\/03\/DSC_0155-370x246.jpg 370w, https:\/\/zukunft-durch-erinnerung.de\/wp-content\/uploads\/2020\/03\/DSC_0155.jpg 1000w\" sizes=\"(max-width: 300px) 100vw, 300px\" \/><\/p>\n<div class=\"pre-video-container\"><span style=\"font-size: 14pt;\"><strong>Thema des Zeichens:<\/strong><\/span><br \/>\nAls wir den Ort des ehemaligen Zwangsarbeitslagers am Bahnhof zum ersten Mal bewusst betraten, um das Zeichen f\u00fcr die Erinnerungsstele zu entwerfen, waren wir ersch\u00fcttert. Wir haben kein <em>Leben<\/em> mehr gesp\u00fcrt. Die Abrichtung der Hunde durch die SS f\u00fcr die KZs forderte unsere eigene Mitmenschlichkeit heraus. Wir haben uns gefragt, wie die jungen italienischen Milit\u00e4rinternierten das ertragen konnten. Und welche Kraft ihnen half, diese Zeit zu \u00fcberstehen?<\/p>\n<p>Die vor Ort bl\u00fchenden Rosen halfen uns in diesem Moment, sich zur\u00fcck zu erinnern an die Sch\u00f6nheit des Lebens. Und auch zu begreifen: Wir haben in jedem Augenblick die Chance uns neu f\u00fcr das Leben zu entscheiden.<\/p>\n<p>Das wieder in Erinnerung rufen der Sch\u00f6nheit und F\u00fclle des Lebens kann in den Momenten der Gefahr eine innere \u00dcberlebenshilfe bieten.<br \/>\nF\u00fcr die Mitmenschlichkeit k\u00f6nnen wir uns jederzeit wieder \u00f6ffnen.<br \/>\nWir m\u00f6chten an das Schicksal der italienischen Milit\u00e4rinternierten an diesem Ort erinnern und dieser Erinnerung einen w\u00fcrdigen und best\u00e4rkenden Ausdruck schenken. Deswegen gaben wir der Steinstele den Titel &#8222;Sich bewusst f\u00fcr das Leben und die Mitmenschlichkeit entscheiden&#8220;.<\/p>\n<\/div>\n<p><video src=\"https:\/\/zukunft-durch-erinnerung.de\/wp-content\/custom\/media\/video\/7_Italienischen_Milit\u00e4rinternierten.mp4\" preload=\"metadata\" controls=\"controls\" width=\"550\" height=\"auto\" buffered=\"\"><\/video><\/p>\n<figure id=\"attachment_330\" aria-describedby=\"caption-attachment-330\" style=\"width: 300px\" class=\"wp-caption alignnone\"><img loading=\"lazy\" class=\"wp-image-330 size-medium\" src=\"https:\/\/zukunft-durch-erinnerung.de\/wp-content\/uploads\/2020\/03\/DSC_0165-300x200.jpg\" alt=\"\" width=\"300\" height=\"200\" srcset=\"https:\/\/zukunft-durch-erinnerung.de\/wp-content\/uploads\/2020\/03\/DSC_0165-300x200.jpg 300w, https:\/\/zukunft-durch-erinnerung.de\/wp-content\/uploads\/2020\/03\/DSC_0165-768x511.jpg 768w, https:\/\/zukunft-durch-erinnerung.de\/wp-content\/uploads\/2020\/03\/DSC_0165-370x246.jpg 370w, https:\/\/zukunft-durch-erinnerung.de\/wp-content\/uploads\/2020\/03\/DSC_0165.jpg 1000w\" sizes=\"(max-width: 300px) 100vw, 300px\" \/><figcaption id=\"caption-attachment-330\" class=\"wp-caption-text\"><span style=\"font-size: 10pt;\">Wahrnehmen und Zeichnen der Erinnerungsstele<\/span><\/figcaption><\/figure>\n<figure id=\"attachment_329\" aria-describedby=\"caption-attachment-329\" style=\"width: 300px\" class=\"wp-caption alignnone\"><img loading=\"lazy\" class=\"wp-image-329 size-medium\" src=\"https:\/\/zukunft-durch-erinnerung.de\/wp-content\/uploads\/2020\/03\/DSC_0163-300x200.jpg\" alt=\"\" width=\"300\" height=\"200\" srcset=\"https:\/\/zukunft-durch-erinnerung.de\/wp-content\/uploads\/2020\/03\/DSC_0163-300x200.jpg 300w, https:\/\/zukunft-durch-erinnerung.de\/wp-content\/uploads\/2020\/03\/DSC_0163-768x511.jpg 768w, https:\/\/zukunft-durch-erinnerung.de\/wp-content\/uploads\/2020\/03\/DSC_0163-370x246.jpg 370w, https:\/\/zukunft-durch-erinnerung.de\/wp-content\/uploads\/2020\/03\/DSC_0163.jpg 1000w\" sizes=\"(max-width: 300px) 100vw, 300px\" \/><figcaption id=\"caption-attachment-329\" class=\"wp-caption-text\">Teil des Lagergel\u00e4ndes heute<\/figcaption><\/figure>\n<p><span style=\"font-size: 14pt;\">Impressionen aus dem LandArtCamp 2019 in Biesenthal<\/span><\/p>\n<p><img loading=\"lazy\" class=\"alignnone size-medium wp-image-332\" src=\"https:\/\/zukunft-durch-erinnerung.de\/wp-content\/uploads\/2020\/03\/DSC_0227-1-300x200.jpg\" alt=\"\" width=\"300\" height=\"200\" srcset=\"https:\/\/zukunft-durch-erinnerung.de\/wp-content\/uploads\/2020\/03\/DSC_0227-1-300x200.jpg 300w, https:\/\/zukunft-durch-erinnerung.de\/wp-content\/uploads\/2020\/03\/DSC_0227-1-768x511.jpg 768w, https:\/\/zukunft-durch-erinnerung.de\/wp-content\/uploads\/2020\/03\/DSC_0227-1-370x246.jpg 370w, https:\/\/zukunft-durch-erinnerung.de\/wp-content\/uploads\/2020\/03\/DSC_0227-1.jpg 1000w\" sizes=\"(max-width: 300px) 100vw, 300px\" \/>\u00a0 <img loading=\"lazy\" class=\"alignnone size-medium wp-image-335\" src=\"https:\/\/zukunft-durch-erinnerung.de\/wp-content\/uploads\/2020\/03\/DSC_0244-300x200.jpg\" alt=\"\" width=\"300\" height=\"200\" srcset=\"https:\/\/zukunft-durch-erinnerung.de\/wp-content\/uploads\/2020\/03\/DSC_0244-300x200.jpg 300w, https:\/\/zukunft-durch-erinnerung.de\/wp-content\/uploads\/2020\/03\/DSC_0244-768x511.jpg 768w, https:\/\/zukunft-durch-erinnerung.de\/wp-content\/uploads\/2020\/03\/DSC_0244-370x246.jpg 370w, https:\/\/zukunft-durch-erinnerung.de\/wp-content\/uploads\/2020\/03\/DSC_0244.jpg 1000w\" sizes=\"(max-width: 300px) 100vw, 300px\" \/> <img loading=\"lazy\" class=\"alignnone size-medium wp-image-333\" src=\"https:\/\/zukunft-durch-erinnerung.de\/wp-content\/uploads\/2020\/03\/DSC_0237-300x200.jpg\" alt=\"\" width=\"300\" height=\"200\" srcset=\"https:\/\/zukunft-durch-erinnerung.de\/wp-content\/uploads\/2020\/03\/DSC_0237-300x200.jpg 300w, https:\/\/zukunft-durch-erinnerung.de\/wp-content\/uploads\/2020\/03\/DSC_0237-768x511.jpg 768w, https:\/\/zukunft-durch-erinnerung.de\/wp-content\/uploads\/2020\/03\/DSC_0237-370x246.jpg 370w, https:\/\/zukunft-durch-erinnerung.de\/wp-content\/uploads\/2020\/03\/DSC_0237.jpg 1000w\" sizes=\"(max-width: 300px) 100vw, 300px\" \/><img loading=\"lazy\" class=\"alignnone size-medium wp-image-336\" src=\"https:\/\/zukunft-durch-erinnerung.de\/wp-content\/uploads\/2020\/03\/DSC_0248-300x200.jpg\" alt=\"\" width=\"300\" height=\"200\" srcset=\"https:\/\/zukunft-durch-erinnerung.de\/wp-content\/uploads\/2020\/03\/DSC_0248-300x200.jpg 300w, https:\/\/zukunft-durch-erinnerung.de\/wp-content\/uploads\/2020\/03\/DSC_0248-768x511.jpg 768w, https:\/\/zukunft-durch-erinnerung.de\/wp-content\/uploads\/2020\/03\/DSC_0248-370x246.jpg 370w, https:\/\/zukunft-durch-erinnerung.de\/wp-content\/uploads\/2020\/03\/DSC_0248.jpg 1000w\" sizes=\"(max-width: 300px) 100vw, 300px\" \/>\u00a0 <img loading=\"lazy\" class=\"alignnone size-medium wp-image-340\" src=\"https:\/\/zukunft-durch-erinnerung.de\/wp-content\/uploads\/2020\/03\/DSC_0342-300x200.jpg\" alt=\"\" width=\"300\" height=\"200\" srcset=\"https:\/\/zukunft-durch-erinnerung.de\/wp-content\/uploads\/2020\/03\/DSC_0342-300x200.jpg 300w, https:\/\/zukunft-durch-erinnerung.de\/wp-content\/uploads\/2020\/03\/DSC_0342-768x511.jpg 768w, https:\/\/zukunft-durch-erinnerung.de\/wp-content\/uploads\/2020\/03\/DSC_0342-370x246.jpg 370w, https:\/\/zukunft-durch-erinnerung.de\/wp-content\/uploads\/2020\/03\/DSC_0342.jpg 1000w\" sizes=\"(max-width: 300px) 100vw, 300px\" \/> <img loading=\"lazy\" class=\"alignnone size-medium wp-image-338\" src=\"https:\/\/zukunft-durch-erinnerung.de\/wp-content\/uploads\/2020\/03\/DSC_0290-300x200.jpg\" alt=\"\" width=\"300\" height=\"200\" srcset=\"https:\/\/zukunft-durch-erinnerung.de\/wp-content\/uploads\/2020\/03\/DSC_0290-300x200.jpg 300w, https:\/\/zukunft-durch-erinnerung.de\/wp-content\/uploads\/2020\/03\/DSC_0290-768x511.jpg 768w, https:\/\/zukunft-durch-erinnerung.de\/wp-content\/uploads\/2020\/03\/DSC_0290-370x246.jpg 370w, https:\/\/zukunft-durch-erinnerung.de\/wp-content\/uploads\/2020\/03\/DSC_0290.jpg 1000w\" sizes=\"(max-width: 300px) 100vw, 300px\" \/><\/p>\n<p><span style=\"font-size: 14pt;\"><strong><span style=\"font-size: 14pt;\"><br \/>\nHistorischer Ort: Industriegel\u00e4nde Biesenthaler Bahnhof<\/span><br \/>\n<\/strong><\/span><\/p>\n<p><strong>1943 &#8211; 1945 <\/strong>wurden<strong> italienische Milit\u00e4rinternierte<\/strong> in den Baracken der Wehrmacht am Bahnhof interniert. F\u00fcr sie bestand dort bis 1945 ein mit Stacheldraht umspanntes Lager. Widerrechtlich waren sie zur Arbeit nach Deutschland deportiert und zur Zwangsarbeit gezwungen worden. Mit der Einstufung als sogenannte &#8222;italienische Milit\u00e4rinternierte&#8220; (IMI) wurde ihnen der Status des v\u00f6lkerrechtlich gesch\u00fctzten Kriegsgefangenen (III. Genfer Abkommen 1929) entzogen. Sie wurden oftmals als &#8222;Verr\u00e4ter&#8220; gebrandmarkt. Damit r\u00fcckten sie in der &#8222;Hierarchie&#8220; der Zwangsarbeiter in Bezug auf ihre Behandlung an unterste Stelle und wurden \u00e4hnlich schlecht behandelt wie Zwangsarbeiter*innen aus den osteurop\u00e4ischen L\u00e4ndern.<\/p>\n<p><em>&#8222;Die Italiener arbeiteten in der &#8222;Papierfabrik Birke&#8220;, Bahnhofstr. (sp\u00e4ter: Mineralwasserfabrik) und auf der &#8222;Baumschule Lorberg&#8220;. Des weiteren waren Italiener auch bei den Bauern besch\u00e4ftigt, so z.B. in Biesenthal bei W. R\u00fccker in der Gr\u00fcnstra\u00dfe, wo sie Pferde betreuten; aber auch auf dem Gut Beerbaum, wo ebenfalls Arbeitskr\u00e4ftemangel war, arbeiteten Italiener.\u00a0 F\u00fcr <\/em><em>die polnischen und italienischen Zwangsarbeiter waren katholische Gottesdienste m\u00f6glich; in der Kirche jedoch zeitlich getrennt von den deutschen Gl\u00e4ubigen, so w\u00fcnschte es die Polizeibeh\u00f6rde. Ansonsten fuhr der Pfarrer in&#8217;s Lager der Hundestaffel am Bahnhof zur Heiligen Messe f\u00fcr die dort gefangenen gehaltenen <strong>30 Italiener<\/strong>. Als jedoch Fahrverbot wegen Kraftstoffmangel angesagt war, fielen die Gottesdienste in Beerbaum und der Hundestaffel aus.&#8220;<br \/>\nGertrud Poppe: Biesenthaler Amtsblatt, Serie: &#8222;Biesenthal vor 50 Jahren&#8220;, 1995, S.20.<\/em><\/p>\n<p><span style=\"font-size: 12pt;\">In den letzten Jahren versuchten auch die sogenannten &#8222;italienischen Milit\u00e4rinternierte&#8220; (IMI) zu ihrem Recht zu kommen. Sie wurden nicht zu den Opfern der Zwangsarbeit gerechnet. So haben sie bisher keine Wiedergutmachung in Form pers\u00f6nlicher Entsch\u00e4digungszahlungen durch die Deutsche Bundesregierung erhalten. Diese steht bis heute aus.<\/span><\/p>\n<p><strong><span style=\"font-size: 12pt;\">Geschichte des <\/span><\/strong><span style=\"font-size: 12pt;\"><strong>Industriegel\u00e4nde am Biesenthaler Bahnhof<\/strong>,<br \/>\n<em>&#8222;1906 Gr\u00fcndung Steinwerke, 1919-25\u00a0 Firma Rolandwerke Gmbh, 1933 Arbeitsdienstlager eingerichtet, 1934 SA-Sportschule,<\/em><br \/>\n<em>1936 \u00dcbernahme durch die Wehrmacht \/ Infanterie-Ausbildung &amp; Ausbildung der Luftnachrichtenkompanie 1\/12 aus dem Nachrichtenregiment Potsdam-Neusedlitz, Einige werden im &#8222;Heidehof&#8220;, der Nachrichtenzentrale am Prendener Weg, stationiert und andere wechselten dann in den Neubau in die Wukuhlenberge \u00fcber.<\/em><br \/>\n<\/span><\/p>\n<figure id=\"attachment_713\" aria-describedby=\"caption-attachment-713\" style=\"width: 300px\" class=\"wp-caption alignnone\"><img loading=\"lazy\" class=\"wp-image-713 size-medium\" src=\"https:\/\/zukunft-durch-erinnerung.de\/wp-content\/uploads\/2020\/03\/DSCN1957-2-300x139.jpg\" alt=\"\" width=\"300\" height=\"139\" srcset=\"https:\/\/zukunft-durch-erinnerung.de\/wp-content\/uploads\/2020\/03\/DSCN1957-2-300x139.jpg 300w, https:\/\/zukunft-durch-erinnerung.de\/wp-content\/uploads\/2020\/03\/DSCN1957-2-768x355.jpg 768w, https:\/\/zukunft-durch-erinnerung.de\/wp-content\/uploads\/2020\/03\/DSCN1957-2-370x171.jpg 370w, https:\/\/zukunft-durch-erinnerung.de\/wp-content\/uploads\/2020\/03\/DSCN1957-2.jpg 1000w\" sizes=\"(max-width: 300px) 100vw, 300px\" \/><figcaption id=\"caption-attachment-713\" class=\"wp-caption-text\"><span style=\"font-size: 10pt;\">Kasernengel\u00e4nde &#8211; Luftbildaufnahme 1938, Quelle: Archiv Gertrud Poppe<\/span><\/figcaption><\/figure>\n<figure id=\"attachment_712\" aria-describedby=\"caption-attachment-712\" style=\"width: 286px\" class=\"wp-caption alignnone\"><img loading=\"lazy\" class=\"wp-image-712\" src=\"https:\/\/zukunft-durch-erinnerung.de\/wp-content\/uploads\/2020\/03\/DSCN1956-2-300x147.jpg\" alt=\"\" width=\"286\" height=\"140\" srcset=\"https:\/\/zukunft-durch-erinnerung.de\/wp-content\/uploads\/2020\/03\/DSCN1956-2-300x147.jpg 300w, https:\/\/zukunft-durch-erinnerung.de\/wp-content\/uploads\/2020\/03\/DSCN1956-2-768x376.jpg 768w, https:\/\/zukunft-durch-erinnerung.de\/wp-content\/uploads\/2020\/03\/DSCN1956-2-370x181.jpg 370w, https:\/\/zukunft-durch-erinnerung.de\/wp-content\/uploads\/2020\/03\/DSCN1956-2.jpg 1000w\" sizes=\"(max-width: 286px) 100vw, 286px\" \/><figcaption id=\"caption-attachment-712\" class=\"wp-caption-text\"><span style=\"font-size: 10pt;\">Luftnachrichtentruppe Kaserne am Bahnhof 1936 &#8211; 38, Quelle: Archiv Gertrud Poppe<\/span><\/figcaption><\/figure>\n<p><em>1941 &#8211; 1945\u00a0 SS Hundestaffel am Bahnhof &#8211; &#8222;Hundef\u00fchrerschule&#8220;<\/em><\/p>\n<figure id=\"attachment_726\" aria-describedby=\"caption-attachment-726\" style=\"width: 274px\" class=\"wp-caption alignnone\"><img loading=\"lazy\" class=\"wp-image-726 \" src=\"https:\/\/zukunft-durch-erinnerung.de\/wp-content\/uploads\/2020\/03\/DSCN1961-2-300x227.jpg\" alt=\"\" width=\"274\" height=\"207\" srcset=\"https:\/\/zukunft-durch-erinnerung.de\/wp-content\/uploads\/2020\/03\/DSCN1961-2-300x227.jpg 300w, https:\/\/zukunft-durch-erinnerung.de\/wp-content\/uploads\/2020\/03\/DSCN1961-2-768x582.jpg 768w, https:\/\/zukunft-durch-erinnerung.de\/wp-content\/uploads\/2020\/03\/DSCN1961-2-370x280.jpg 370w, https:\/\/zukunft-durch-erinnerung.de\/wp-content\/uploads\/2020\/03\/DSCN1961-2.jpg 1000w\" sizes=\"(max-width: 274px) 100vw, 274px\" \/><figcaption id=\"caption-attachment-726\" class=\"wp-caption-text\"><span style=\"font-size: 10pt;\">SS-Hundestaffel am Bahnhof Biesenthal. Unterkunftsh\u00e4user f\u00fcr die Hunde im Hintergrund. Quelle: Archiv Prof.Dr. B\u00fcll<\/span><\/figcaption><\/figure>\n<figure id=\"attachment_727\" aria-describedby=\"caption-attachment-727\" style=\"width: 325px\" class=\"wp-caption alignnone\"><img loading=\"lazy\" class=\"wp-image-727\" src=\"https:\/\/zukunft-durch-erinnerung.de\/wp-content\/uploads\/2020\/03\/DSCN1962-2-300x191.jpg\" alt=\"\" width=\"325\" height=\"207\" srcset=\"https:\/\/zukunft-durch-erinnerung.de\/wp-content\/uploads\/2020\/03\/DSCN1962-2-300x191.jpg 300w, https:\/\/zukunft-durch-erinnerung.de\/wp-content\/uploads\/2020\/03\/DSCN1962-2-768x490.jpg 768w, https:\/\/zukunft-durch-erinnerung.de\/wp-content\/uploads\/2020\/03\/DSCN1962-2-370x236.jpg 370w, https:\/\/zukunft-durch-erinnerung.de\/wp-content\/uploads\/2020\/03\/DSCN1962-2.jpg 1000w\" sizes=\"(max-width: 325px) 100vw, 325px\" \/><figcaption id=\"caption-attachment-727\" class=\"wp-caption-text\"><span style=\"font-size: 10pt;\">Eingangsbereich des Lagers am Bahnhof bis 1945. Im hinteren Teil waren die italienischen Milit\u00e4rinternierten untergebracht. Quelle: Archiv Gertrud Poppe<\/span><\/figcaption><\/figure>\n<p><em>1943- 1945 Zwangsarbeitslager f\u00fcr italienische Milit\u00e4rinternierte am Bahnhof auf dem Gel\u00e4nde der SS-Hundestaffel<\/em><\/p>\n<p><em>1945 Durchgangslager f\u00fcr deutsche Kriegsgefangene in der Zust\u00e4ndigkeit des NKWD<\/em><br \/>\n<em>Ende 1945 milit\u00e4risches Objekt der GUS-Truppen\/ &#8222;Chemiekaserne&#8220;<\/em><\/p>\n<p><em>26. April 1993 Sowjetischen Truppen verlassen den Ort<\/em><br \/>\nQuelle: Gertrud Poppe: Biesenthaler Amtsblatt, 1995, Serie &#8222;Biesenthal vor 50 Jahren&#8220;, S.20.<\/p>\n<div class=\"mceTemp\"><\/div>\n<p><span style=\"font-size: 14pt;\"><strong>Standort der Steinstele:<\/strong> <\/span><br \/>\nPendlerparkplatz am Bahnhof Biesenthal<\/p>\n<p><img loading=\"lazy\" class=\"alignnone wp-image-1227\" src=\"https:\/\/zukunft-durch-erinnerung.de\/wp-content\/uploads\/2020\/05\/8_Mai_Biesenthal_Stele_Pendlerparkplatz_Bhf-225x300.jpg\" alt=\"\" width=\"229\" height=\"305\" srcset=\"https:\/\/zukunft-durch-erinnerung.de\/wp-content\/uploads\/2020\/05\/8_Mai_Biesenthal_Stele_Pendlerparkplatz_Bhf-225x300.jpg 225w, https:\/\/zukunft-durch-erinnerung.de\/wp-content\/uploads\/2020\/05\/8_Mai_Biesenthal_Stele_Pendlerparkplatz_Bhf-370x494.jpg 370w, https:\/\/zukunft-durch-erinnerung.de\/wp-content\/uploads\/2020\/05\/8_Mai_Biesenthal_Stele_Pendlerparkplatz_Bhf.jpg 500w\" sizes=\"(max-width: 229px) 100vw, 229px\" \/> \u00a0 <img loading=\"lazy\" class=\"alignnone wp-image-1228\" src=\"https:\/\/zukunft-durch-erinnerung.de\/wp-content\/uploads\/2020\/05\/IMG_0251-2-300x268.jpeg\" alt=\"\" width=\"341\" height=\"305\" srcset=\"https:\/\/zukunft-durch-erinnerung.de\/wp-content\/uploads\/2020\/05\/IMG_0251-2-300x268.jpeg 300w, https:\/\/zukunft-durch-erinnerung.de\/wp-content\/uploads\/2020\/05\/IMG_0251-2-1024x916.jpeg 1024w, https:\/\/zukunft-durch-erinnerung.de\/wp-content\/uploads\/2020\/05\/IMG_0251-2-768x687.jpeg 768w, https:\/\/zukunft-durch-erinnerung.de\/wp-content\/uploads\/2020\/05\/IMG_0251-2-1536x1374.jpeg 1536w, https:\/\/zukunft-durch-erinnerung.de\/wp-content\/uploads\/2020\/05\/IMG_0251-2-2048x1832.jpeg 2048w, https:\/\/zukunft-durch-erinnerung.de\/wp-content\/uploads\/2020\/05\/IMG_0251-2-370x331.jpeg 370w, https:\/\/zukunft-durch-erinnerung.de\/wp-content\/uploads\/2020\/05\/IMG_0251-2-1040x930.jpeg 1040w\" sizes=\"(max-width: 341px) 100vw, 341px\" \/><br \/>\n<iframe style=\"border: 0;\" tabindex=\"0\" src=\"https:\/\/www.google.com\/maps\/embed?pb=!1m18!1m12!1m3!1d1238.8143086370071!2d13.672691488207887!3d52.754841998735046!2m3!1f0!2f0!3f0!3m2!1i1024!2i768!4f13.1!3m3!1m2!1s0x0%3A0x0!2zNTLCsDQ1JzE3LjQiTiAxM8KwNDAnMjMuNyJF!5e1!3m2!1sde!2sde!4v1588883824919!5m2!1sde!2sde\" width=\"600\" height=\"450\" frameborder=\"0\" allowfullscreen=\"allowfullscreen\" aria-hidden=\"false\"><\/iframe><\/p>\n","protected":false},"excerpt":{"rendered":"<p>gewidmet den sog. Italienischen Milit\u00e4rinternierten (IMI) im Lager der SS-Hundestaffel am Bahnhof Biesenthal Thema des Zeichens: Als wir den Ort des ehemaligen Zwangsarbeitslagers am Bahnhof zum ersten Mal bewusst betraten, um das Zeichen f\u00fcr die[&#8230;]<\/p>\n","protected":false},"author":2,"featured_media":0,"parent":9,"menu_order":79,"comment_status":"closed","ping_status":"closed","template":"","meta":[],"_links":{"self":[{"href":"https:\/\/zukunft-durch-erinnerung.de\/index.php\/wp-json\/wp\/v2\/pages\/205"}],"collection":[{"href":"https:\/\/zukunft-durch-erinnerung.de\/index.php\/wp-json\/wp\/v2\/pages"}],"about":[{"href":"https:\/\/zukunft-durch-erinnerung.de\/index.php\/wp-json\/wp\/v2\/types\/page"}],"author":[{"embeddable":true,"href":"https:\/\/zukunft-durch-erinnerung.de\/index.php\/wp-json\/wp\/v2\/users\/2"}],"replies":[{"embeddable":true,"href":"https:\/\/zukunft-durch-erinnerung.de\/index.php\/wp-json\/wp\/v2\/comments?post=205"}],"version-history":[{"count":97,"href":"https:\/\/zukunft-durch-erinnerung.de\/index.php\/wp-json\/wp\/v2\/pages\/205\/revisions"}],"predecessor-version":[{"id":1684,"href":"https:\/\/zukunft-durch-erinnerung.de\/index.php\/wp-json\/wp\/v2\/pages\/205\/revisions\/1684"}],"up":[{"embeddable":true,"href":"https:\/\/zukunft-durch-erinnerung.de\/index.php\/wp-json\/wp\/v2\/pages\/9"}],"wp:attachment":[{"href":"https:\/\/zukunft-durch-erinnerung.de\/index.php\/wp-json\/wp\/v2\/media?parent=205"}],"curies":[{"name":"wp","href":"https:\/\/api.w.org\/{rel}","templated":true}]}}